{"id":229,"date":"2021-06-04T13:46:06","date_gmt":"2021-06-04T11:46:06","guid":{"rendered":"http:\/\/www.vanlifeconcept.be\/?page_id=229"},"modified":"2024-01-15T10:54:08","modified_gmt":"2024-01-15T09:54:08","slug":"conditions-de-reservation","status":"publish","type":"page","link":"https:\/\/www.vanlifeconcept.be\/index.php\/conditions-de-reservation\/","title":{"rendered":"Conditions de r\u00e9servation"},"content":{"rendered":"\n<div class=\"alignnormal\"><div id=\"metaslider-id-74\" style=\"width: 100%;\" class=\"ml-slider-3-20-3 metaslider metaslider-flex metaslider-74 ml-slider ml-slider-lightbox-1-12-0 lightbox-disabled nav-hidden\">\n    <div id=\"metaslider_container_74\">\n        <div id=\"metaslider_74\">\n            <ul aria-live=\"polite\" class=\"slides\">\n                <li style=\"display: block; width: 100%;\" class=\"slide-291 ms-image\"><img src=\"https:\/\/www.vanlifeconcept.be\/wp-content\/uploads\/2021\/06\/tarifs_003-1800x300.jpg\" height=\"300\" width=\"1800\" alt=\"\" class=\"slider-74 slide-291\" title=\"tarifs_003\" \/><\/li>\n            <\/ul>\n        <\/div>\n        \n    <\/div>\n<\/div><\/div>\n\n\n\n<p><\/p>\n\n\n\n<p class=\"has-text-align-center has-black-color has-text-color\" style=\"font-size:40px\"><strong>CONDITIONS GENERALES DE RESERVATION<\/strong><\/p>\n\n\n\n<div class=\"wp-block-columns\">\n<div class=\"wp-block-column\" style=\"flex-basis:20%\"><\/div>\n\n\n\n<div class=\"wp-block-column\" style=\"flex-basis:60%\">\n<p class=\"has-black-color has-text-color has-medium-font-size\"><strong>Comment valider une r\u00e9servation&nbsp;?<\/strong><\/p>\n\n\n\n<p class=\"has-text-color\" style=\"color:#907971;font-size:17px\">Pour valider une r\u00e9servation, vous devez avant tout avoir notre confirmation de la disponibilit\u00e9.<br>Si c\u2019est le cas, nous bloquons votre r\u00e9servation pendant 3 jours ouvrables le temps que vous versiez l\u2019acompte correspondant \u00e0 25% du montant de la location.<\/p>\n\n\n\n<p class=\"has-text-color\" style=\"color:#907971;font-size:17px\">En m\u00eame temps, nous vous demanderons de nous transmettre :<br>\u2013 le contrat de location sign\u00e9,<br>\u2013 une copie recto\/verso de la carte d\u2019identit\u00e9 et du permis de conduire des \u00e9ventuels conducteurs,<\/p>\n\n\n\n<p class=\"has-text-color\" style=\"color:#907971;font-size:17px\">Une fois le tout en notre possession, votre r\u00e9servation pourra \u00eatre valid\u00e9e.<\/p>\n\n\n\n<p class=\"has-black-color has-text-color has-medium-font-size\"><strong>Comment se d\u00e9roule le d\u00e9part et le retour ?<\/strong><\/p>\n\n\n\n<p class=\"has-text-color\" style=\"color:#907971;font-size:17px\">Le d\u00e9part se fait \u00e0 partir de 09h00 et le retour au plus tard \u00e0 16h00. Ces heures peuvent varier en fonction des disponibilit\u00e9s.<br>Au d\u00e9part, vous devez compter approximativement 45 minutes d\u2019explications sur l\u2019utilisation du van am\u00e9nag\u00e9.<\/p>\n\n\n\n<p class=\"has-black-color has-text-color has-medium-font-size\"><strong>Que faire en cas de d\u00e9gradations par vandalisme ou vol du v\u00e9hicule ?<\/strong><\/p>\n\n\n\n<p class=\"has-text-color\" style=\"color:#907971;font-size:17px\">Vous devez nous contacter le plus rapidement possible. (end\u00e9ans les 24h maximum) Nous vous demandons \u00e9galement de prendre contact avec la gendarmerie pour dresser un proc\u00e9s verbal, pour toutes d\u00e9gradations, vol, accident.<\/p>\n\n\n\n<p class=\"has-black-color has-text-color has-medium-font-size\"><strong>Que faire en cas d\u2019accident&nbsp;?<\/strong><\/p>\n\n\n\n<p class=\"has-text-color\" style=\"color:#907971;font-size:17px\">Nous vous recommandons de vous mettre en s\u00e9curit\u00e9, nous contacter le plus rapidement possible. En cas de bless\u00e9s, contactez les services de secours et la police.<br>Vous devez ensuite compl\u00e9ter un Constat Europ\u00e9en d\u2019accident qui se trouve dans la boite \u00e0 gants du van.  Nous avons toutes les informations \u00e0 suivre dans notre farde explicative fournie lors de la location.<br><br>Si le v\u00e9hicule ne roule plus, contactez le service d\u2019assistance, le num\u00e9ro d\u2019appel se trouve avec les documents du v\u00e9hicule. Le v\u00e9hicule devra imp\u00e9rativement \u00eatre remorqu\u00e9 aupr\u00e8s d\u2019un concessionnaire officiel Ford de la marque du van am\u00e9nag\u00e9.<\/p>\n\n\n\n<p class=\"has-black-color has-text-color has-medium-font-size\"><strong>Que faire en cas de panne&nbsp;?<\/strong><\/p>\n\n\n\n<p class=\"has-text-color\" style=\"color:#907971;font-size:17px\">La premi\u00e8re chose \u00e0 faire est de vous mettre en s\u00e9curit\u00e9 et d\u2019installer le triangle de signalisation afin de signaler le van en panne.<br>Contactez nous le plus rapidement possible et \u00e9galement  le service d\u2019assistance, le num\u00e9ro d\u2019appel se trouve dans les documents du v\u00e9hicule.  .<br>En cas de d\u00e9pannage vers un garage r\u00e9parateur, le van doit imp\u00e9rativement \u00eatre remorqu\u00e9 vers un concessionnaire officiel ford de la marque du van car il est sous garantie constructeur l\u00e9gal.<br>M\u00eame si nous mettons \u00e0 votre disposition un v\u00e9hicule propre et entretenu, vous \u00eates responsable pendant la location du contr\u00f4le de l\u2019\u00e9tat des pneumatiques et du niveau des diff\u00e9rents liquides (huile moteur, Ad Blues, liquide de refroidissement, liquide de freins,..).<br>Nous pourrions selon le type de panne vous facturer des frais de r\u00e9paration et\/ou assistance.<\/p>\n\n\n\n<p class=\"has-black-color has-text-color has-medium-font-size\"><strong>Peut-on fumer dans le van ?<\/strong><\/p>\n\n\n\n<p class=\"has-text-color\" style=\"color:#907971;font-size:17px\">Nous n&rsquo;autorisons personnes \u00e0 fumer pour des raisons de s\u00e9curit\u00e9s et d&rsquo;hygi\u00e8ne.<\/p>\n\n\n\n<p class=\"has-black-color has-text-color has-medium-font-size\"><strong>Les animaux de compagnie sont-ils autoris\u00e9s&nbsp;?<\/strong><\/p>\n\n\n\n<p class=\"has-text-color\" style=\"color:#907971;font-size:17px\">Sur demande uniquement.<\/p>\n\n\n\n<p class=\"has-black-color has-text-color has-medium-font-size\"><strong>Dans quels pays pouvons-nous circuler avec le van am\u00e9nag\u00e9&nbsp;?<\/strong><\/p>\n\n\n\n<p class=\"has-text-color\" style=\"color:#907971;font-size:17px\">Vous pouvez circuler dans toute l\u2019Europe avec notre contrat d assurance. pour des destinations plus lointaines veuillez faire une demande au pr\u00e9alable.<\/p>\n\n\n\n<p class=\"has-black-color has-text-color has-medium-font-size\"><strong>O\u00f9 puis-je laisser mon v\u00e9hicule personnel pendant le road-trip&nbsp;?<\/strong><\/p>\n\n\n\n<p class=\"has-text-color\" style=\"color:#907971;font-size:17px\">Vous avez la possibilit\u00e9 de laisser votre v\u00e9hicule sur place le temps de votre road-trip en van am\u00e9nag\u00e9.<br>Nous poss\u00e9dons un parking priv\u00e9 ferm\u00e9 et s\u00e9curis\u00e9.<\/p>\n\n\n\n<p class=\"has-black-color has-text-color has-medium-font-size\"><strong>Est-il possible de prendre une douche dans le van&nbsp;?<\/strong><\/p>\n\n\n\n<p class=\"has-text-color\" style=\"color:#907971;font-size:17px\">Le van est \u00e9quip\u00e9 d\u2019une douche ext\u00e9rieure branch\u00e9e sur le r\u00e9servoir d\u2019eau propre, cette eau est \u00e0 temp\u00e9rature ambiante.<br>Nous proposons \u00e9galement en option, une cabine de douche amovible pour \u00eatre \u00e0 l\u2019abri des regards.<\/p>\n\n\n\n<p class=\"has-black-color has-text-color has-medium-font-size\"><strong>Le van est-il \u00e9quip\u00e9 de WC&nbsp;?<\/strong><\/p>\n\n\n\n<p class=\"has-text-color\" style=\"color:#907971;font-size:17px\">Pas de wc Fixe, mais nous proposons en option un WC portable de petites dimension afin de le ranger dans un coin du van.<\/p>\n<\/div>\n\n\n\n<div class=\"wp-block-column\" style=\"flex-basis:20%\"><\/div>\n<\/div>\n\n\n\n<div class=\"wp-block-columns has-background\" style=\"background-color:#907971\">\n<div class=\"wp-block-column\" style=\"flex-basis:15%\"><\/div>\n\n\n\n<div class=\"wp-block-column\" style=\"flex-basis:70%\">\n<div class=\"wp-block-columns\">\n<div class=\"wp-block-column\" style=\"flex-basis:33%\">\n<figure class=\"wp-block-image size-large is-resized\"><img loading=\"lazy\" src=\"http:\/\/www.vanlifeconcept.be\/wp-content\/uploads\/2021\/06\/VANLIFE-CONCEPT_FINAL-blanc.png\" alt=\"\" class=\"wp-image-166\" width=\"206\" height=\"171\" srcset=\"https:\/\/www.vanlifeconcept.be\/wp-content\/uploads\/2021\/06\/VANLIFE-CONCEPT_FINAL-blanc.png 661w, https:\/\/www.vanlifeconcept.be\/wp-content\/uploads\/2021\/06\/VANLIFE-CONCEPT_FINAL-blanc-300x249.png 300w\" sizes=\"(max-width: 206px) 100vw, 206px\" \/><\/figure>\n<\/div>\n\n\n\n<div class=\"wp-block-column\" style=\"flex-basis:33%\">\n<p class=\"has-white-color has-text-color\" style=\"font-size:25px\"><strong>A PROPOS DE NOUS<\/strong><\/p>\n\n\n\n<p class=\"has-white-color has-text-color\"><strong>Voyager, s&rsquo;\u00e9vader en toute libert\u00e9 avec VanLife-Concept <\/strong><\/p>\n<\/div>\n\n\n\n<div class=\"wp-block-column\" style=\"flex-basis:33%\">\n<p class=\"has-white-color has-text-color\" style=\"font-size:25px\"><strong>CONTACT<\/strong><\/p>\n\n\n\n<p class=\"has-white-color has-text-color\"><strong>+32497\/21.33.73<br><a href=\"mailto:info@vanlifeconcept.be\">info@vanlifeconcept.be<\/a><br>Grand-Moulin 240, 6890 Libin<\/strong><\/p>\n\n\n\n<a href=\"https:\/\/www.facebook.com\/Vanlife-concept-101721725455022\" target=\"_blank\" rel=\"noopener noreferrer\"><span style=\"font-size: 2em; color: #ffffff;\"<i class=\"fab fa-facebook\"><\/i><\/span><\/a>   <a href=\"https:\/\/www.instagram.com\/vanlife.concept\/\" target=\"_blank\" rel=\"noopener noreferrer\"><span style=\"font-size: 2em; color: #ffffff;\"<i class=\"fab fa-instagram-square\"><\/i><\/span><\/a>\n\n\n\n<p><\/p>\n<\/div>\n<\/div>\n<\/div>\n\n\n\n<div class=\"wp-block-column\" style=\"flex-basis:15%\"><\/div>\n<\/div>\n","protected":false},"excerpt":{"rendered":"<p>CONDITIONS GENERALES DE RESERVATION Comment valider une r\u00e9servation&nbsp;? Pour valider une r\u00e9servation, vous devez avant tout avoir notre confirmation de la disponibilit\u00e9.Si c\u2019est le cas, nous bloquons votre r\u00e9servation pendant 3 jours ouvrables le temps que vous versiez l\u2019acompte correspondant \u00e0 25% du montant de la location. En m\u00eame temps, nous vous demanderons de nous &hellip;<\/p>\n<p class=\"read-more\"> <a class=\"\" href=\"https:\/\/www.vanlifeconcept.be\/index.php\/conditions-de-reservation\/\"> <span class=\"screen-reader-text\">Conditions de r\u00e9servation<\/span> Lire la suite\u00a0\u00bb<\/a><\/p>\n","protected":false},"author":1,"featured_media":0,"parent":0,"menu_order":0,"comment_status":"closed","ping_status":"closed","template":"","meta":{"ngg_post_thumbnail":0},"yoast_head":"<!-- This site is optimized with the Yoast SEO plugin v16.4 - https:\/\/yoast.com\/wordpress\/plugins\/seo\/ -->\n<title>Conditions de r\u00e9servation - Vanlife-Concept<\/title>\n<meta name=\"robots\" content=\"index, follow, max-snippet:-1, max-image-preview:large, max-video-preview:-1\" \/>\n<link rel=\"canonical\" href=\"https:\/\/www.vanlifeconcept.be\/index.php\/conditions-de-reservation\/\" \/>\n<meta property=\"og:locale\" content=\"fr_FR\" \/>\n<meta property=\"og:type\" content=\"article\" \/>\n<meta property=\"og:title\" content=\"Conditions de r\u00e9servation - Vanlife-Concept\" \/>\n<meta property=\"og:description\" content=\"CONDITIONS GENERALES DE RESERVATION Comment valider une r\u00e9servation&nbsp;? Pour valider une r\u00e9servation, vous devez avant tout avoir notre confirmation de la disponibilit\u00e9.Si c\u2019est le cas, nous bloquons votre r\u00e9servation pendant 3 jours ouvrables le temps que vous versiez l\u2019acompte correspondant \u00e0 25% du montant de la location. En m\u00eame temps, nous vous demanderons de nous &hellip; Conditions de r\u00e9servation Lire la suite\u00a0\u00bb\" \/>\n<meta property=\"og:url\" content=\"https:\/\/www.vanlifeconcept.be\/index.php\/conditions-de-reservation\/\" \/>\n<meta property=\"og:site_name\" content=\"Vanlife-Concept\" \/>\n<meta property=\"article:modified_time\" content=\"2024-01-15T09:54:08+00:00\" \/>\n<meta property=\"og:image\" content=\"http:\/\/www.vanlifeconcept.be\/wp-content\/uploads\/2021\/06\/VANLIFE-CONCEPT_FINAL-blanc.png\" \/>\n<meta name=\"twitter:card\" content=\"summary_large_image\" \/>\n<meta name=\"twitter:label1\" content=\"Dur\u00e9e de lecture est.\" \/>\n\t<meta name=\"twitter:data1\" content=\"3 minutes\" \/>\n<script type=\"application\/ld+json\" class=\"yoast-schema-graph\">{\"@context\":\"https:\/\/schema.org\",\"@graph\":[{\"@type\":\"Organization\",\"@id\":\"https:\/\/www.vanlifeconcept.be\/#organization\",\"name\":\"VanLife-Concept\",\"url\":\"https:\/\/www.vanlifeconcept.be\/\",\"sameAs\":[],\"logo\":{\"@type\":\"ImageObject\",\"@id\":\"https:\/\/www.vanlifeconcept.be\/#logo\",\"inLanguage\":\"fr-FR\",\"url\":\"http:\/\/www.vanlifeconcept.be\/wp-content\/uploads\/2021\/06\/ICON_SITE.jpg\",\"contentUrl\":\"http:\/\/www.vanlifeconcept.be\/wp-content\/uploads\/2021\/06\/ICON_SITE.jpg\",\"width\":512,\"height\":425,\"caption\":\"VanLife-Concept\"},\"image\":{\"@id\":\"https:\/\/www.vanlifeconcept.be\/#logo\"}},{\"@type\":\"WebSite\",\"@id\":\"https:\/\/www.vanlifeconcept.be\/#website\",\"url\":\"https:\/\/www.vanlifeconcept.be\/\",\"name\":\"Vanlife-Concept\",\"description\":\"VOYAGER, S\\u2019EVADER EN TOUTE LIBERTE AVEC VANLIFE-CONCEPT\",\"publisher\":{\"@id\":\"https:\/\/www.vanlifeconcept.be\/#organization\"},\"potentialAction\":[{\"@type\":\"SearchAction\",\"target\":\"https:\/\/www.vanlifeconcept.be\/?s={search_term_string}\",\"query-input\":\"required name=search_term_string\"}],\"inLanguage\":\"fr-FR\"},{\"@type\":\"ImageObject\",\"@id\":\"https:\/\/www.vanlifeconcept.be\/index.php\/conditions-de-reservation\/#primaryimage\",\"inLanguage\":\"fr-FR\",\"url\":\"http:\/\/www.vanlifeconcept.be\/wp-content\/uploads\/2021\/06\/VANLIFE-CONCEPT_FINAL-blanc.png\",\"contentUrl\":\"http:\/\/www.vanlifeconcept.be\/wp-content\/uploads\/2021\/06\/VANLIFE-CONCEPT_FINAL-blanc.png\"},{\"@type\":\"WebPage\",\"@id\":\"https:\/\/www.vanlifeconcept.be\/index.php\/conditions-de-reservation\/#webpage\",\"url\":\"https:\/\/www.vanlifeconcept.be\/index.php\/conditions-de-reservation\/\",\"name\":\"Conditions de r\\u00e9servation - Vanlife-Concept\",\"isPartOf\":{\"@id\":\"https:\/\/www.vanlifeconcept.be\/#website\"},\"primaryImageOfPage\":{\"@id\":\"https:\/\/www.vanlifeconcept.be\/index.php\/conditions-de-reservation\/#primaryimage\"},\"datePublished\":\"2021-06-04T11:46:06+00:00\",\"dateModified\":\"2024-01-15T09:54:08+00:00\",\"breadcrumb\":{\"@id\":\"https:\/\/www.vanlifeconcept.be\/index.php\/conditions-de-reservation\/#breadcrumb\"},\"inLanguage\":\"fr-FR\",\"potentialAction\":[{\"@type\":\"ReadAction\",\"target\":[\"https:\/\/www.vanlifeconcept.be\/index.php\/conditions-de-reservation\/\"]}]},{\"@type\":\"BreadcrumbList\",\"@id\":\"https:\/\/www.vanlifeconcept.be\/index.php\/conditions-de-reservation\/#breadcrumb\",\"itemListElement\":[{\"@type\":\"ListItem\",\"position\":1,\"item\":{\"@type\":\"WebPage\",\"@id\":\"https:\/\/www.vanlifeconcept.be\/\",\"url\":\"https:\/\/www.vanlifeconcept.be\/\",\"name\":\"Accueil\"}},{\"@type\":\"ListItem\",\"position\":2,\"item\":{\"@id\":\"https:\/\/www.vanlifeconcept.be\/index.php\/conditions-de-reservation\/#webpage\"}}]}]}<\/script>\n<!-- \/ Yoast SEO plugin. -->","_links":{"self":[{"href":"https:\/\/www.vanlifeconcept.be\/index.php\/wp-json\/wp\/v2\/pages\/229"}],"collection":[{"href":"https:\/\/www.vanlifeconcept.be\/index.php\/wp-json\/wp\/v2\/pages"}],"about":[{"href":"https:\/\/www.vanlifeconcept.be\/index.php\/wp-json\/wp\/v2\/types\/page"}],"author":[{"embeddable":true,"href":"https:\/\/www.vanlifeconcept.be\/index.php\/wp-json\/wp\/v2\/users\/1"}],"replies":[{"embeddable":true,"href":"https:\/\/www.vanlifeconcept.be\/index.php\/wp-json\/wp\/v2\/comments?post=229"}],"version-history":[{"count":13,"href":"https:\/\/www.vanlifeconcept.be\/index.php\/wp-json\/wp\/v2\/pages\/229\/revisions"}],"predecessor-version":[{"id":526,"href":"https:\/\/www.vanlifeconcept.be\/index.php\/wp-json\/wp\/v2\/pages\/229\/revisions\/526"}],"wp:attachment":[{"href":"https:\/\/www.vanlifeconcept.be\/index.php\/wp-json\/wp\/v2\/media?parent=229"}],"curies":[{"name":"wp","href":"https:\/\/api.w.org\/{rel}","templated":true}]}}