{"id":2,"date":"2021-06-01T10:32:32","date_gmt":"2021-06-01T08:32:32","guid":{"rendered":"http:\/\/www.vanlifeconcept.be\/?page_id=2"},"modified":"2023-04-15T16:19:29","modified_gmt":"2023-04-15T14:19:29","slug":"page-d-exemple","status":"publish","type":"page","link":"https:\/\/www.vanlifeconcept.be\/","title":{"rendered":"Accueil"},"content":{"rendered":"\n<p><\/p>\n\n\n\n<div class=\"alignnormal\"><div id=\"metaslider-id-28\" style=\"width: 100%;\" class=\"ml-slider-3-20-3 metaslider metaslider-flex metaslider-28 ml-slider ml-slider-lightbox-1-12-0 lightbox-disabled ms-theme-blend nav-hidden\">\n    <div id=\"metaslider_container_28\">\n        <div id=\"metaslider_28\">\n            <ul aria-live=\"polite\" class=\"slides\">\n                <li style=\"display: block; width: 100%;\" class=\"slide-381 ms-image\"><img src=\"https:\/\/www.vanlifeconcept.be\/wp-content\/uploads\/2021\/08\/217993299_126556239638237_7411005395282762308_n-1440x560.jpg\" height=\"700\" width=\"1800\" alt=\"\" class=\"slider-28 slide-381\" title=\"217993299_126556239638237_7411005395282762308_n\" \/><\/li>\n                <li style=\"display: none; width: 100%;\" class=\"slide-262 ms-image\"><img src=\"https:\/\/www.vanlifeconcept.be\/wp-content\/uploads\/2021\/06\/image0-1440x560.jpeg\" height=\"700\" width=\"1800\" alt=\"\" class=\"slider-28 slide-262\" title=\"image0\" \/><\/li>\n                <li style=\"display: none; width: 100%;\" class=\"slide-264 ms-image\"><img src=\"https:\/\/www.vanlifeconcept.be\/wp-content\/uploads\/2021\/06\/image1-2-scaled-1800x700.jpeg\" height=\"700\" width=\"1800\" alt=\"\" class=\"slider-28 slide-264\" title=\"image1 (2)\" \/><\/li>\n                <li style=\"display: none; width: 100%;\" class=\"slide-263 ms-image\"><img src=\"https:\/\/www.vanlifeconcept.be\/wp-content\/uploads\/2021\/06\/image1-1-scaled-1800x700.jpeg\" height=\"700\" width=\"1800\" alt=\"\" class=\"slider-28 slide-263\" title=\"image1 (1)\" \/><\/li>\n                <li style=\"display: none; width: 100%;\" class=\"slide-265 ms-image\"><img src=\"https:\/\/www.vanlifeconcept.be\/wp-content\/uploads\/2021\/06\/image1-3-scaled-1800x700.jpeg\" height=\"700\" width=\"1800\" alt=\"\" class=\"slider-28 slide-265\" title=\"image1 (3)\" \/><\/li>\n                <li style=\"display: none; width: 100%;\" class=\"slide-280 ms-image\"><img src=\"https:\/\/www.vanlifeconcept.be\/wp-content\/uploads\/2021\/06\/194865706_526880864979448_8045966068581826964_n-1800x700.jpg\" height=\"700\" width=\"1800\" alt=\"\" class=\"slider-28 slide-280\" title=\"194865706_526880864979448_8045966068581826964_n\" \/><\/li>\n                <li style=\"display: none; width: 100%;\" class=\"slide-388 ms-image\"><img src=\"https:\/\/www.vanlifeconcept.be\/wp-content\/uploads\/2021\/08\/216886373_126816656278862_6560244924478792757_n-1440x560.jpg\" height=\"700\" width=\"1800\" alt=\"\" class=\"slider-28 slide-388\" title=\"216886373_126816656278862_6560244924478792757_n\" \/><\/li>\n                <li style=\"display: none; width: 100%;\" class=\"slide-267 ms-image\"><img src=\"https:\/\/www.vanlifeconcept.be\/wp-content\/uploads\/2021\/06\/image2-1-scaled-1800x700.jpeg\" height=\"700\" width=\"1800\" alt=\"\" class=\"slider-28 slide-267\" title=\"image2 (1)\" \/><\/li>\n                <li style=\"display: none; width: 100%;\" class=\"slide-386 ms-image\"><img src=\"https:\/\/www.vanlifeconcept.be\/wp-content\/uploads\/2021\/08\/218730760_128748976085630_653337209613240357_n-1440x560.jpg\" height=\"700\" width=\"1800\" alt=\"\" class=\"slider-28 slide-386\" title=\"218730760_128748976085630_653337209613240357_n\" \/><\/li>\n                <li style=\"display: none; width: 100%;\" class=\"slide-281 ms-image\"><img src=\"https:\/\/www.vanlifeconcept.be\/wp-content\/uploads\/2021\/06\/image3-1-scaled-1800x700.jpeg\" height=\"700\" width=\"1800\" alt=\"\" class=\"slider-28 slide-281\" title=\"image3 (1)\" \/><\/li>\n                <li style=\"display: none; width: 100%;\" class=\"slide-387 ms-image\"><img src=\"https:\/\/www.vanlifeconcept.be\/wp-content\/uploads\/2021\/08\/218464998_126816696278858_3151973552684893865_n-1-1440x560.jpg\" height=\"700\" width=\"1800\" alt=\"\" class=\"slider-28 slide-387\" title=\"218464998_126816696278858_3151973552684893865_n\" \/><\/li>\n            <\/ul>\n        <\/div>\n        \n    <\/div>\n<\/div><\/div>\n\n\n\n<p><\/p>\n\n\n\n<div class=\"wp-block-columns\">\n<div class=\"wp-block-column\" style=\"flex-basis:15%\"><\/div>\n\n\n\n<div class=\"wp-block-column\" style=\"flex-basis:70%\">\n<p class=\"has-text-align-center has-black-color has-text-color\" style=\"font-size:30px\"><strong>VOYAGER, S\u2019EVADER EN TOUTE LIBERTE AVEC <\/strong><\/p>\n\n\n\n<p class=\"has-text-align-center has-black-color has-text-color\" style=\"font-size:30px\"><strong>VANLIFE-CONCEPT<\/strong><\/p>\n<\/div>\n\n\n\n<div class=\"wp-block-column\" style=\"flex-basis:15%\"><\/div>\n<\/div>\n\n\n\n<div class=\"wp-block-columns\">\n<div class=\"wp-block-column\" style=\"flex-basis:15%\"><\/div>\n\n\n\n<div class=\"wp-block-column\" style=\"flex-basis:70%\">\n<p class=\"has-text-align-center has-text-color\" style=\"color:#907971;font-size:25px\">Nous mettons \u00e0 votre disposition nos magnifiques Van am\u00e9nag\u00e9s flambant neuf et full options.<br><br>La location de nos vans est id\u00e9ale pour s\u2019\u00e9vader en ville, \u00e0 la montagne ou \u00e0 la mer. Sa taille passe partout est primordiale pour la d\u00e9couverte d\u2019endroits insolites, et un atout \u00e9conomique incontestable (carburant, p\u00e9ages traditionnels, stationnement voiture).<br><br>Avec un maximum de 4 couchages dont 2 dans le toit relev\u00e9 pour un r\u00e9veil splendide avec une vue imprenable.<\/p>\n<\/div>\n\n\n\n<div class=\"wp-block-column\" style=\"flex-basis:15%\"><\/div>\n<\/div>\n\n\n\n<div class=\"wp-block-columns\">\n<div class=\"wp-block-column\" style=\"flex-basis:10%\"><\/div>\n\n\n\n<div class=\"wp-block-column\" style=\"flex-basis:80%\">\n<div class=\"wp-block-columns\">\n<div class=\"wp-block-column\">\n<div class=\"alignnormal\"><div id=\"metaslider-id-45\" style=\"width: 100%;\" class=\"ml-slider-3-20-3 metaslider metaslider-flex metaslider-45 ml-slider ml-slider-lightbox-1-12-0 lightbox-disabled ms-theme-blend nav-hidden nav-hidden\">\n    <div id=\"metaslider_container_45\">\n        <div id=\"metaslider_45\">\n            <ul aria-live=\"polite\" class=\"slides\">\n                <li style=\"display: block; width: 100%;\" class=\"slide-282 ms-image\"><img src=\"https:\/\/www.vanlifeconcept.be\/wp-content\/uploads\/2021\/06\/image3-1-scaled-600x400.jpeg\" height=\"400\" width=\"600\" alt=\"\" class=\"slider-45 slide-282\" title=\"image3 (1)\" \/><\/li>\n                <li style=\"display: none; width: 100%;\" class=\"slide-283 ms-image\"><img src=\"https:\/\/www.vanlifeconcept.be\/wp-content\/uploads\/2021\/06\/image0-1-scaled-600x400.jpeg\" height=\"400\" width=\"600\" alt=\"\" class=\"slider-45 slide-283\" title=\"image0 (1)\" \/><\/li>\n                <li style=\"display: none; width: 100%;\" class=\"slide-284 ms-image\"><img src=\"https:\/\/www.vanlifeconcept.be\/wp-content\/uploads\/2021\/06\/image1-1-scaled-600x400.jpeg\" height=\"400\" width=\"600\" alt=\"\" class=\"slider-45 slide-284\" title=\"image1 (1)\" \/><\/li>\n                <li style=\"display: none; width: 100%;\" class=\"slide-285 ms-image\"><img src=\"https:\/\/www.vanlifeconcept.be\/wp-content\/uploads\/2021\/06\/image1-2-scaled-600x400.jpeg\" height=\"400\" width=\"600\" alt=\"\" class=\"slider-45 slide-285\" title=\"image1 (2)\" \/><\/li>\n                <li style=\"display: none; width: 100%;\" class=\"slide-286 ms-image\"><img src=\"https:\/\/www.vanlifeconcept.be\/wp-content\/uploads\/2021\/06\/image2-2-scaled-600x400.jpeg\" height=\"400\" width=\"600\" alt=\"\" class=\"slider-45 slide-286\" title=\"image2 (2)\" \/><\/li>\n                <li style=\"display: none; width: 100%;\" class=\"slide-287 ms-image\"><img src=\"https:\/\/www.vanlifeconcept.be\/wp-content\/uploads\/2021\/06\/image2-3-scaled-600x400.jpeg\" height=\"400\" width=\"600\" alt=\"\" class=\"slider-45 slide-287\" title=\"image2 (3)\" \/><\/li>\n            <\/ul>\n        <\/div>\n        \n    <\/div>\n<\/div><\/div>\n<\/div>\n\n\n\n<div class=\"wp-block-column\">\n<p class=\"has-black-color has-text-color\" id=\"levan\" style=\"font-size:30px\"><strong>LE VAN <\/strong><\/p>\n\n\n\n<p class=\"has-text-color has-medium-font-size\" style=\"color:#907971\">Partez \u00e0 l&rsquo;aventure en louant notre Ford Transit Nugget boite automatique, r\u00e9gulateur de vitesse, phares leds, 4 couchages, feu 2 gaz, frigo, toit relevable, 2m10 de hauteur (passe partout), store ext\u00e9rieur thule, prot\u00e8ge matelas,&#8230;)<\/p>\n\n\n\n<p class=\"has-text-align-right\"><script src=\"https:\/\/ajax.googleapis.com\/ajax\/libs\/webfont\/1.5.10\/webfont.js\"><\/script><script type=\"text\/javascript\">\r\nWebFont.load({\r\n\tgoogle: {families:['Arial'],\r\n        api: '\/fonts\/api'} \r\n})\r\n<\/script> <style type=\"text\/css\"><\/style><style type=\"text\/css\">\r\n\r\n\r\n.button_wrapper_id_54{\r\n\tmargin-top: 10px!important;\r\n\tmargin-right: 10px!important;\r\n\tmargin-bottom: 10px!important;\r\n\tmargin-left: 10px!important;\r\n\tdisplay: inline-block;}\r\n.button_container_id_54{\r\n\twidth: 200px!important;\t\r\n\ttext-align: center!important;\r\n\tmargin: 0 auto!important;\t\r\n}\r\n\r\n\r\n.wd_button_54{\r\n\t line-height: 1.42857143;\r\n\ttext-decoration: none!important;\r\n\tdisplay: inline-block;\r\n\tborder-bottom: none;\t\r\n\twidth: 250px!important;\r\n\theight: 55px;\r\n\tpadding-top: 10px!important;\r\n\tpadding-right: 10px!important;\r\n\tpadding-bottom: 10px!important;\r\n\tpadding-left: 10px!important;\r\n\tcolor: #ffffff!important;\r\n\tfont-family:Arial;\r\n\tfont-size: 26px!important;\r\n\tfont-weight: bold;\r\n\tfont-style: ;\r\n\ttext-align: center;\r\n\r\n\t\t\tborder-top-left-radius: 0px;\r\n\t\tborder-top-right-radius: 0px;\r\n\t\tborder-bottom-left-radius:  0px;\r\n\t\tborder-bottom-right-radius: 0px;\r\n\t\t\r\n\t\t\r\n\r\n\t\t\t\t\tborder-style: solid;\r\n\t\t\tborder-width: 1px;\r\n\t\t\tborder-color: #907971;\r\n\t\t\t\t\t\ttext-shadow:0px 0px 0px #ffffff;\r\n\r\n\r\n\t\t\t-webkit-box-shadow: 0px 0px 0px #b5b5b5;\r\n\t\t\t-moz-box-shadow: 0px 0px 0px #b5b5b5;\r\n\t\t\tbox-shadow: 0px 0px 0px #b5b5b5;\r\n\r\n\r\n\t\t\tbackground: -webkit-gradient(linear, left top, left bottom, color-stop(45%, rgba(144,121,113,1)), color-stop(1, rgba(144,121,113,1)));\r\n\t\t\tbackground: -moz-linear-gradient(rgba(144,121,113,1) 45%, rgba(144,121,113,1));\r\n\t\t\tbackground: -o-linear-gradient(rgba(144,121,113,1) 45%, rgba(144,121,113,1));\r\n\t\t\tbackground: linear-gradient(rgba(144,121,113,1) 45%, rgba(144,121,113,1));\r\n\t\t\twebkit-transition: all 0.3s;\r\n\t\t\t-moz-transition: all 0.3s;\r\n\t\t\ttransition: all 0.3s;\r\n\t\t}\r\n\r\n\t\t\r\n\r\n\t\t\t.wd_button_54:hover{\r\n\t\t\t\tcolor: #907971!important;\r\n\t\t\t\ttext-shadow:0px 0px 0px #ffffff;\r\n\t\t\t\ttext-shadow-color:#ffffff;\t\r\n\t\t\t\tborder-color: #907971;\r\n\t\t\t\t-webkit-box-shadow: 0px 0px 0px #b5b5b5;\r\n\t\t\t\t-moz-box-shadow: 0px 0px 0px #b5b5b5;\r\n\t\t\t\tbox-shadow: 0px 0px 0px #b5b5b5;\r\n\r\n\t\t\t\t\t\t\t\t\tbackground: -webkit-gradient(linear, left top, left bottom, color-stop(45%, rgba(255,255,255,1)), color-stop(1, rgba(255,255,255,1)));\r\n\t\t\t\t\tbackground: -moz-linear-gradient(rgba(255,255,255,1) 45%, rgba(255,255,255,1));\r\n\t\t\t\t\tbackground: -o-linear-gradient(rgba(255,255,255,1) 45%, rgba(255,255,255,1));\r\n\t\t\t\t\tbackground: linear-gradient(rgba(255,255,255,1) 45%, rgba(255,255,255,1));\r\n\t\t\t\t\t\r\n\r\n\t\t\t\t\twebkit-transition: all 0.3s;\r\n\t\t\t\t\t-moz-transition: all 0.3s;\r\n\t\t\t\t\ttransition: all 0.3s;\r\n\t\t\t\t}\r\n\t\t\t\t<\/style><div class=\"button_wrapper_id_54\">\r\n\t<div class=\"button_container button_container_id_54\">\t\r\n\t\t<a href=\"http:\/\/www.vanlifeconcept.be\/index.php\/tarifs\/\" target=\"_self\" id=\"wd_button\" class=\"wd-hvr-simple wd_button_54\"  >NOS TARIFS<\/a>\t\r\n\t\t<div class=\"clear_fix\"><\/div>\r\n\t<\/div>\r\n<\/div><\/p>\n<\/div>\n<\/div>\n\n\n\n<p><\/p>\n<\/div>\n\n\n\n<div class=\"wp-block-column\" style=\"flex-basis:10%\"><\/div>\n<\/div>\n\n\n\n<div class=\"alignnormal\"><div id=\"metaslider-id-57\" style=\"width: 100%;\" class=\"ml-slider-3-20-3 metaslider metaslider-flex metaslider-57 ml-slider ml-slider-lightbox-1-12-0 lightbox-disabled ms-theme-blend nav-hidden nav-hidden nav-hidden\">\n    <div id=\"metaslider_container_57\">\n        <div id=\"metaslider_57\">\n            <ul aria-live=\"polite\" class=\"slides\">\n                <li style=\"display: block; width: 100%;\" class=\"slide-293 ms-image\"><img src=\"https:\/\/www.vanlifeconcept.be\/wp-content\/uploads\/2021\/06\/RESERVER_002-1800x400.jpg\" height=\"400\" width=\"1800\" alt=\"\" class=\"slider-57 slide-293\" title=\"RESERVER_002\" \/><\/li>\n            <\/ul>\n        <\/div>\n        \n    <\/div>\n<\/div><\/div>\n\n\n\n<div class=\"wp-block-columns has-background\" style=\"background-color:#907971\">\n<div class=\"wp-block-column\" style=\"flex-basis:15%\"><\/div>\n\n\n\n<div class=\"wp-block-column\" style=\"flex-basis:70%\">\n<div class=\"wp-block-columns\">\n<div class=\"wp-block-column\" style=\"flex-basis:33%\">\n<figure class=\"wp-block-image size-large is-resized\"><img loading=\"lazy\" src=\"http:\/\/www.vanlifeconcept.be\/wp-content\/uploads\/2021\/06\/VANLIFE-CONCEPT_FINAL-blanc.png\" alt=\"\" class=\"wp-image-166\" width=\"206\" height=\"171\" srcset=\"https:\/\/www.vanlifeconcept.be\/wp-content\/uploads\/2021\/06\/VANLIFE-CONCEPT_FINAL-blanc.png 661w, https:\/\/www.vanlifeconcept.be\/wp-content\/uploads\/2021\/06\/VANLIFE-CONCEPT_FINAL-blanc-300x249.png 300w\" sizes=\"(max-width: 206px) 100vw, 206px\" \/><\/figure>\n<\/div>\n\n\n\n<div class=\"wp-block-column\" style=\"flex-basis:33%\">\n<p class=\"has-white-color has-text-color\" style=\"font-size:25px\"><strong>A PROPOS DE NOUS<\/strong><\/p>\n\n\n\n<p class=\"has-white-color has-text-color\"><strong>Voyager, s&rsquo;\u00e9vader en toute libert\u00e9 avec VanLife-Concept <\/strong><\/p>\n<\/div>\n\n\n\n<div class=\"wp-block-column\" style=\"flex-basis:33%\">\n<p class=\"has-white-color has-text-color\" style=\"font-size:25px\"><strong>CONTACT<\/strong><\/p>\n\n\n\n<p class=\"has-white-color has-text-color\"><strong>+32497\/21.33.73<br><a href=\"mailto:info@vanlifeconcept.be\">info@vanlifeconcept.be<\/a><br>Grand-Moulin 240, 6890 Libin<\/strong><\/p>\n\n\n\n<a href=\"https:\/\/www.facebook.com\/Vanlife-concept-101721725455022\" target=\"_blank\" rel=\"noopener noreferrer\"><span style=\"font-size: 2em; color: #ffffff;\"<i class=\"fab fa-facebook\"><\/i><\/span><\/a>   <a href=\"https:\/\/www.instagram.com\/vanlife.concept\/\" target=\"_blank\" rel=\"noopener noreferrer\"><span style=\"font-size: 2em; color: #ffffff;\"<i class=\"fab fa-instagram-square\"><\/i><\/span><\/a>\n\n\n\n<p><\/p>\n<\/div>\n<\/div>\n<\/div>\n\n\n\n<div class=\"wp-block-column\" style=\"flex-basis:15%\"><\/div>\n<\/div>\n","protected":false},"excerpt":{"rendered":"<p>VOYAGER, S\u2019EVADER EN TOUTE LIBERTE AVEC VANLIFE-CONCEPT Nous mettons \u00e0 votre disposition nos magnifiques Van am\u00e9nag\u00e9s flambant neuf et full options. La location de nos vans est id\u00e9ale pour s\u2019\u00e9vader en ville, \u00e0 la montagne ou \u00e0 la mer. Sa taille passe partout est primordiale pour la d\u00e9couverte d\u2019endroits insolites, et un atout \u00e9conomique incontestable &hellip;<\/p>\n<p class=\"read-more\"> <a class=\"\" href=\"https:\/\/www.vanlifeconcept.be\/\"> <span class=\"screen-reader-text\">Accueil<\/span> Lire la suite\u00a0\u00bb<\/a><\/p>\n","protected":false},"author":1,"featured_media":0,"parent":0,"menu_order":0,"comment_status":"closed","ping_status":"open","template":"","meta":{"ngg_post_thumbnail":0},"yoast_head":"<!-- This site is optimized with the Yoast SEO plugin v16.4 - https:\/\/yoast.com\/wordpress\/plugins\/seo\/ -->\n<title>Accueil - Vanlife-Concept<\/title>\n<meta name=\"robots\" content=\"index, follow, max-snippet:-1, max-image-preview:large, max-video-preview:-1\" \/>\n<link rel=\"canonical\" href=\"https:\/\/www.vanlifeconcept.be\/\" \/>\n<meta property=\"og:locale\" content=\"fr_FR\" \/>\n<meta property=\"og:type\" content=\"article\" \/>\n<meta property=\"og:title\" content=\"Accueil - Vanlife-Concept\" \/>\n<meta property=\"og:description\" content=\"VOYAGER, S\u2019EVADER EN TOUTE LIBERTE AVEC VANLIFE-CONCEPT Nous mettons \u00e0 votre disposition nos magnifiques Van am\u00e9nag\u00e9s flambant neuf et full options. La location de nos vans est id\u00e9ale pour s\u2019\u00e9vader en ville, \u00e0 la montagne ou \u00e0 la mer. Sa taille passe partout est primordiale pour la d\u00e9couverte d\u2019endroits insolites, et un atout \u00e9conomique incontestable &hellip; Accueil Lire la suite\u00a0\u00bb\" \/>\n<meta property=\"og:url\" content=\"https:\/\/www.vanlifeconcept.be\/\" \/>\n<meta property=\"og:site_name\" content=\"Vanlife-Concept\" \/>\n<meta property=\"article:modified_time\" content=\"2023-04-15T14:19:29+00:00\" \/>\n<meta property=\"og:image\" content=\"http:\/\/www.vanlifeconcept.be\/wp-content\/uploads\/2021\/06\/VANLIFE-CONCEPT_FINAL-blanc.png\" \/>\n<meta name=\"twitter:card\" content=\"summary_large_image\" \/>\n<meta name=\"twitter:label1\" content=\"Dur\u00e9e de lecture est.\" \/>\n\t<meta name=\"twitter:data1\" content=\"1 minute\" \/>\n<script type=\"application\/ld+json\" class=\"yoast-schema-graph\">{\"@context\":\"https:\/\/schema.org\",\"@graph\":[{\"@type\":\"Organization\",\"@id\":\"https:\/\/www.vanlifeconcept.be\/#organization\",\"name\":\"VanLife-Concept\",\"url\":\"https:\/\/www.vanlifeconcept.be\/\",\"sameAs\":[],\"logo\":{\"@type\":\"ImageObject\",\"@id\":\"https:\/\/www.vanlifeconcept.be\/#logo\",\"inLanguage\":\"fr-FR\",\"url\":\"http:\/\/www.vanlifeconcept.be\/wp-content\/uploads\/2021\/06\/ICON_SITE.jpg\",\"contentUrl\":\"http:\/\/www.vanlifeconcept.be\/wp-content\/uploads\/2021\/06\/ICON_SITE.jpg\",\"width\":512,\"height\":425,\"caption\":\"VanLife-Concept\"},\"image\":{\"@id\":\"https:\/\/www.vanlifeconcept.be\/#logo\"}},{\"@type\":\"WebSite\",\"@id\":\"https:\/\/www.vanlifeconcept.be\/#website\",\"url\":\"https:\/\/www.vanlifeconcept.be\/\",\"name\":\"Vanlife-Concept\",\"description\":\"VOYAGER, S\\u2019EVADER EN TOUTE LIBERTE AVEC VANLIFE-CONCEPT\",\"publisher\":{\"@id\":\"https:\/\/www.vanlifeconcept.be\/#organization\"},\"potentialAction\":[{\"@type\":\"SearchAction\",\"target\":\"https:\/\/www.vanlifeconcept.be\/?s={search_term_string}\",\"query-input\":\"required name=search_term_string\"}],\"inLanguage\":\"fr-FR\"},{\"@type\":\"ImageObject\",\"@id\":\"https:\/\/www.vanlifeconcept.be\/#primaryimage\",\"inLanguage\":\"fr-FR\",\"url\":\"http:\/\/www.vanlifeconcept.be\/wp-content\/uploads\/2021\/06\/VANLIFE-CONCEPT_FINAL-blanc.png\",\"contentUrl\":\"http:\/\/www.vanlifeconcept.be\/wp-content\/uploads\/2021\/06\/VANLIFE-CONCEPT_FINAL-blanc.png\"},{\"@type\":\"WebPage\",\"@id\":\"https:\/\/www.vanlifeconcept.be\/#webpage\",\"url\":\"https:\/\/www.vanlifeconcept.be\/\",\"name\":\"Accueil - Vanlife-Concept\",\"isPartOf\":{\"@id\":\"https:\/\/www.vanlifeconcept.be\/#website\"},\"primaryImageOfPage\":{\"@id\":\"https:\/\/www.vanlifeconcept.be\/#primaryimage\"},\"datePublished\":\"2021-06-01T08:32:32+00:00\",\"dateModified\":\"2023-04-15T14:19:29+00:00\",\"breadcrumb\":{\"@id\":\"https:\/\/www.vanlifeconcept.be\/#breadcrumb\"},\"inLanguage\":\"fr-FR\",\"potentialAction\":[{\"@type\":\"ReadAction\",\"target\":[\"https:\/\/www.vanlifeconcept.be\/\"]}]},{\"@type\":\"BreadcrumbList\",\"@id\":\"https:\/\/www.vanlifeconcept.be\/#breadcrumb\",\"itemListElement\":[{\"@type\":\"ListItem\",\"position\":1,\"item\":{\"@type\":\"WebPage\",\"@id\":\"https:\/\/www.vanlifeconcept.be\/\",\"url\":\"https:\/\/www.vanlifeconcept.be\/\",\"name\":\"Accueil\"}},{\"@type\":\"ListItem\",\"position\":2,\"item\":{\"@id\":\"https:\/\/www.vanlifeconcept.be\/#webpage\"}}]}]}<\/script>\n<!-- \/ Yoast SEO plugin. -->","_links":{"self":[{"href":"https:\/\/www.vanlifeconcept.be\/index.php\/wp-json\/wp\/v2\/pages\/2"}],"collection":[{"href":"https:\/\/www.vanlifeconcept.be\/index.php\/wp-json\/wp\/v2\/pages"}],"about":[{"href":"https:\/\/www.vanlifeconcept.be\/index.php\/wp-json\/wp\/v2\/types\/page"}],"author":[{"embeddable":true,"href":"https:\/\/www.vanlifeconcept.be\/index.php\/wp-json\/wp\/v2\/users\/1"}],"replies":[{"embeddable":true,"href":"https:\/\/www.vanlifeconcept.be\/index.php\/wp-json\/wp\/v2\/comments?post=2"}],"version-history":[{"count":33,"href":"https:\/\/www.vanlifeconcept.be\/index.php\/wp-json\/wp\/v2\/pages\/2\/revisions"}],"predecessor-version":[{"id":521,"href":"https:\/\/www.vanlifeconcept.be\/index.php\/wp-json\/wp\/v2\/pages\/2\/revisions\/521"}],"wp:attachment":[{"href":"https:\/\/www.vanlifeconcept.be\/index.php\/wp-json\/wp\/v2\/media?parent=2"}],"curies":[{"name":"wp","href":"https:\/\/api.w.org\/{rel}","templated":true}]}}