{"id":11,"date":"2021-06-01T11:09:00","date_gmt":"2021-06-01T09:09:00","guid":{"rendered":"http:\/\/www.vanlifeconcept.be\/?page_id=11"},"modified":"2024-01-15T10:57:33","modified_gmt":"2024-01-15T09:57:33","slug":"tarifs","status":"publish","type":"page","link":"https:\/\/www.vanlifeconcept.be\/index.php\/tarifs\/","title":{"rendered":"Tarifs"},"content":{"rendered":"\n<div class=\"alignnormal\"><div id=\"metaslider-id-74\" style=\"width: 100%;\" class=\"ml-slider-3-20-3 metaslider metaslider-flex metaslider-74 ml-slider ml-slider-lightbox-1-12-0 lightbox-disabled nav-hidden\">\n    <div id=\"metaslider_container_74\">\n        <div id=\"metaslider_74\">\n            <ul aria-live=\"polite\" class=\"slides\">\n                <li style=\"display: block; width: 100%;\" class=\"slide-291 ms-image\"><img src=\"https:\/\/www.vanlifeconcept.be\/wp-content\/uploads\/2021\/06\/tarifs_003-1800x300.jpg\" height=\"300\" width=\"1800\" alt=\"\" class=\"slider-74 slide-291\" title=\"tarifs_003\" \/><\/li>\n            <\/ul>\n        <\/div>\n        \n    <\/div>\n<\/div><\/div>\n\n\n\n<p><\/p>\n\n\n\n<p class=\"has-text-align-center has-black-color has-text-color\" style=\"font-size:40px\"><strong>NOS TARIFS<\/strong><\/p>\n\n\n\n<div class=\"wp-block-columns has-background\" style=\"background-color:#fff8eb\">\n<div class=\"wp-block-column\" style=\"flex-basis:25%\"><\/div>\n\n\n\n<div class=\"wp-block-column\" style=\"flex-basis:50%\">\n<div class=\"wp-block-columns\">\n<div class=\"wp-block-column\">\n<p class=\"has-black-color has-text-color\" style=\"font-size:30px\"><strong>BASSE SAISON<\/strong><\/p>\n\n\n\n<p class=\"has-black-color has-text-color\" style=\"font-size:30px\"><strong>HAUTE SAISON <\/strong><\/p>\n<\/div>\n\n\n\n<div class=\"wp-block-column\">\n<p style=\"font-size:25px\">Du 1\/11 au 31\/03     A partir de 50\u20ac\/jours<\/p>\n\n\n\n<p style=\"font-size:25px\">Du 1\/04 au 31\/10  jours scolaire et jours f\u00e9ri\u00e9s \u00e0 partir de 60\u20ac\/ jours<\/p>\n\n\n\n<p style=\"font-size:25px\">Une remise de 10% est accord\u00e9e pour les r\u00e9servations a partir de 15 jours!<\/p>\n<\/div>\n<\/div>\n<\/div>\n\n\n\n<div class=\"wp-block-column\" style=\"flex-basis:25%\"><\/div>\n<\/div>\n\n\n\n<div class=\"wp-block-columns\">\n<div class=\"wp-block-column\" style=\"flex-basis:20%\"><\/div>\n\n\n\n<div class=\"wp-block-column\" style=\"flex-basis:60%\">\n<div class=\"wp-block-columns\">\n<div class=\"wp-block-column\">\n<p style=\"font-size:25px\"><em><strong>Inclus dans le tarif :<\/strong><\/em><\/p>\n\n\n\n<p style=\"font-size:18px\"><strong>Options du van :<\/strong><\/p>\n\n\n\n<ul><li>Cuisine \u00e9quip\u00e9e (frigo, taque, \u00e9vier)<\/li><li>Auvent (de 2m \u00e0 2,60m)<\/li><li>Douchette ext\u00e9rieure<\/li><li>C\u00e2ble d\u2019alimentation<\/li><\/ul>\n\n\n\n<p style=\"font-size:18px\"><strong>Assurance full incluse :<\/strong><\/p>\n\n\n\n<ul><li>Bris de vitre sans franchise<\/li><li>Franchise accidents : 1000\u20ac<\/li><li>250km\/jours pour r\u00e9servation de min 4jours inclus<\/li><li>Kms illimit\u00e9s pour r\u00e9servation de plus de 4 jours<\/li><li>Rapatriement du v\u00e9hicule en cas de panne<\/li><\/ul>\n<\/div>\n\n\n\n<div class=\"wp-block-column\">\n<p style=\"font-size:25px\"><em><strong>Options :<\/strong><\/em><\/p>\n\n\n\n<ul><li>Nettoyage int\u00e9rieur-ext\u00e9rieur 55\u20ac\/s\u00e9jour (obligatoire)<\/li><li>WC portable et produits WC 35\u20ac\/s\u00e9jour<\/li><li>Tente ext\u00e9rieure (WC et douche) 10\u20ac\/s\u00e9jour<\/li><li>Table et chaises d&rsquo;ext\u00e9rieur 20\u20ac\/s\u00e9jour<\/li><li>Porte v\u00e9los 35\u20ac\/s\u00e9jour<\/li><li>Barbecue 25\u20ac\/s\u00e9jour<\/li><li>Four omnia 25\u20ac\/s\u00e9jour<\/li><li>Cale de stationnement 20\u20ac\/s\u00e9jour <\/li><\/ul>\n<\/div>\n<\/div>\n<\/div>\n\n\n\n<div class=\"wp-block-column\" style=\"flex-basis:20%\"><\/div>\n<\/div>\n\n\n\n<div class=\"wp-block-columns\">\n<div class=\"wp-block-column\" style=\"flex-basis:20%\"><\/div>\n\n\n\n<div class=\"wp-block-column\" style=\"flex-basis:60%\">\n<p class=\"has-black-color has-text-color\" style=\"font-size:30px\"><strong>CONDITIONS DE RESERVATION :<\/strong><\/p>\n\n\n\n<p class=\"has-text-color has-medium-font-size\" style=\"color:#907971\">Lors de votre r\u00e9servation un acompte de 25% est \u00e0 payer pour conclure vos dates de locations. . Pour toute annulation,  vous perdez votre acompte.<\/p>\n\n\n\n<p class=\"has-text-color has-medium-font-size\" style=\"color:#907971\">Une caution de 1000\u20ac est demand\u00e9 lors de la prise de possession du v\u00e9hicule. Cette caution peut \u00eatre fournie en liquide, par virement bancaire. Cette caution sera restitu\u00e9e dans les 10jours apr\u00e8s l\u2019\u00e9tat des lieux du v\u00e9hicule.<br><br>Vous devez \u00e9galement fournir la preuve d\u2019un permis de conduire europ\u00e9en valide.<\/p>\n<\/div>\n\n\n\n<div class=\"wp-block-column\" style=\"flex-basis:20%\"><\/div>\n<\/div>\n\n\n\n<div class=\"wp-block-columns\">\n<div class=\"wp-block-column\" style=\"flex-basis:10%\"><\/div>\n\n\n\n<div class=\"wp-block-column\" style=\"flex-basis:80%\">\n<div class=\"wp-block-columns\">\n<div class=\"wp-block-column\">\n<div class=\"alignnormal\"><div id=\"metaslider-id-45\" style=\"width: 100%;\" class=\"ml-slider-3-20-3 metaslider metaslider-flex metaslider-45 ml-slider ml-slider-lightbox-1-12-0 lightbox-disabled ms-theme-blend nav-hidden nav-hidden\">\n    <div id=\"metaslider_container_45\">\n        <div id=\"metaslider_45\">\n            <ul aria-live=\"polite\" class=\"slides\">\n                <li style=\"display: block; width: 100%;\" class=\"slide-282 ms-image\"><img src=\"https:\/\/www.vanlifeconcept.be\/wp-content\/uploads\/2021\/06\/image3-1-scaled-600x400.jpeg\" height=\"400\" width=\"600\" alt=\"\" class=\"slider-45 slide-282\" title=\"image3 (1)\" \/><\/li>\n                <li style=\"display: none; width: 100%;\" class=\"slide-283 ms-image\"><img src=\"https:\/\/www.vanlifeconcept.be\/wp-content\/uploads\/2021\/06\/image0-1-scaled-600x400.jpeg\" height=\"400\" width=\"600\" alt=\"\" class=\"slider-45 slide-283\" title=\"image0 (1)\" \/><\/li>\n                <li style=\"display: none; width: 100%;\" class=\"slide-284 ms-image\"><img src=\"https:\/\/www.vanlifeconcept.be\/wp-content\/uploads\/2021\/06\/image1-1-scaled-600x400.jpeg\" height=\"400\" width=\"600\" alt=\"\" class=\"slider-45 slide-284\" title=\"image1 (1)\" \/><\/li>\n                <li style=\"display: none; width: 100%;\" class=\"slide-285 ms-image\"><img src=\"https:\/\/www.vanlifeconcept.be\/wp-content\/uploads\/2021\/06\/image1-2-scaled-600x400.jpeg\" height=\"400\" width=\"600\" alt=\"\" class=\"slider-45 slide-285\" title=\"image1 (2)\" \/><\/li>\n                <li style=\"display: none; width: 100%;\" class=\"slide-286 ms-image\"><img src=\"https:\/\/www.vanlifeconcept.be\/wp-content\/uploads\/2021\/06\/image2-2-scaled-600x400.jpeg\" height=\"400\" width=\"600\" alt=\"\" class=\"slider-45 slide-286\" title=\"image2 (2)\" \/><\/li>\n                <li style=\"display: none; width: 100%;\" class=\"slide-287 ms-image\"><img src=\"https:\/\/www.vanlifeconcept.be\/wp-content\/uploads\/2021\/06\/image2-3-scaled-600x400.jpeg\" height=\"400\" width=\"600\" alt=\"\" class=\"slider-45 slide-287\" title=\"image2 (3)\" \/><\/li>\n            <\/ul>\n        <\/div>\n        \n    <\/div>\n<\/div><\/div>\n<\/div>\n\n\n\n<div class=\"wp-block-column\">\n<p class=\"has-black-color has-text-color\" id=\"levan\" style=\"font-size:30px\"><strong>LE VAN <\/strong><\/p>\n\n\n\n<p class=\"has-text-color has-medium-font-size\" style=\"color:#907971\">Partez \u00e0 l&rsquo;aventure en louant notre Ford Transit Nugget boite automatique,  r\u00e9gulateur de vitesse, phares leds, 4 couchages, feu 2 gaz, frigo, toit relevable, 2m10 de hauteur (passe partout), store ext\u00e9rieur thule, prot\u00e8ge matelas, &#8230;)<\/p>\n\n\n\n<p class=\"has-text-align-right\"><script src=\"https:\/\/ajax.googleapis.com\/ajax\/libs\/webfont\/1.5.10\/webfont.js\"><\/script><script type=\"text\/javascript\">\r\nWebFont.load({\r\n\tgoogle: {families:['Arial'],\r\n        api: '\/fonts\/api'} \r\n})\r\n<\/script> <style type=\"text\/css\"><\/style><style type=\"text\/css\">\r\n\r\n\r\n.button_wrapper_id_112{\r\n\tmargin-top: 10px!important;\r\n\tmargin-right: 10px!important;\r\n\tmargin-bottom: 10px!important;\r\n\tmargin-left: 10px!important;\r\n\tdisplay: inline-block;}\r\n.button_container_id_112{\r\n\twidth: 200px!important;\t\r\n\ttext-align: center!important;\r\n\tmargin: 0 auto!important;\t\r\n}\r\n\r\n\r\n.wd_button_112{\r\n\t line-height: 1.42857143;\r\n\ttext-decoration: none!important;\r\n\tdisplay: inline-block;\r\n\tborder-bottom: none;\t\r\n\twidth: 250px!important;\r\n\theight: 55px;\r\n\tpadding-top: 10px!important;\r\n\tpadding-right: 10px!important;\r\n\tpadding-bottom: 10px!important;\r\n\tpadding-left: 10px!important;\r\n\tcolor: #ffffff!important;\r\n\tfont-family:Arial;\r\n\tfont-size: 26px!important;\r\n\tfont-weight: bold;\r\n\tfont-style: ;\r\n\ttext-align: center;\r\n\r\n\t\t\tborder-top-left-radius: 0px;\r\n\t\tborder-top-right-radius: 0px;\r\n\t\tborder-bottom-left-radius:  0px;\r\n\t\tborder-bottom-right-radius: 0px;\r\n\t\t\r\n\t\t\r\n\r\n\t\t\t\t\tborder-style: solid;\r\n\t\t\tborder-width: 1px;\r\n\t\t\tborder-color: #907971;\r\n\t\t\t\t\t\ttext-shadow:0px 0px 0px #ffffff;\r\n\r\n\r\n\t\t\t-webkit-box-shadow: 0px 0px 0px #b5b5b5;\r\n\t\t\t-moz-box-shadow: 0px 0px 0px #b5b5b5;\r\n\t\t\tbox-shadow: 0px 0px 0px #b5b5b5;\r\n\r\n\r\n\t\t\tbackground: -webkit-gradient(linear, left top, left bottom, color-stop(45%, rgba(144,121,113,1)), color-stop(1, rgba(144,121,113,1)));\r\n\t\t\tbackground: -moz-linear-gradient(rgba(144,121,113,1) 45%, rgba(144,121,113,1));\r\n\t\t\tbackground: -o-linear-gradient(rgba(144,121,113,1) 45%, rgba(144,121,113,1));\r\n\t\t\tbackground: linear-gradient(rgba(144,121,113,1) 45%, rgba(144,121,113,1));\r\n\t\t\twebkit-transition: all 0.3s;\r\n\t\t\t-moz-transition: all 0.3s;\r\n\t\t\ttransition: all 0.3s;\r\n\t\t}\r\n\r\n\t\t\r\n\r\n\t\t\t.wd_button_112:hover{\r\n\t\t\t\tcolor: #907971!important;\r\n\t\t\t\ttext-shadow:0px 0px 0px #ffffff;\r\n\t\t\t\ttext-shadow-color:#ffffff;\t\r\n\t\t\t\tborder-color: #907971;\r\n\t\t\t\t-webkit-box-shadow: 0px 0px 0px #b5b5b5;\r\n\t\t\t\t-moz-box-shadow: 0px 0px 0px #b5b5b5;\r\n\t\t\t\tbox-shadow: 0px 0px 0px #b5b5b5;\r\n\r\n\t\t\t\t\t\t\t\t\tbackground: -webkit-gradient(linear, left top, left bottom, color-stop(45%, rgba(255,255,255,1)), color-stop(1, rgba(255,255,255,1)));\r\n\t\t\t\t\tbackground: -moz-linear-gradient(rgba(255,255,255,1) 45%, rgba(255,255,255,1));\r\n\t\t\t\t\tbackground: -o-linear-gradient(rgba(255,255,255,1) 45%, rgba(255,255,255,1));\r\n\t\t\t\t\tbackground: linear-gradient(rgba(255,255,255,1) 45%, rgba(255,255,255,1));\r\n\t\t\t\t\t\r\n\r\n\t\t\t\t\twebkit-transition: all 0.3s;\r\n\t\t\t\t\t-moz-transition: all 0.3s;\r\n\t\t\t\t\ttransition: all 0.3s;\r\n\t\t\t\t}\r\n\t\t\t\t<\/style><div class=\"button_wrapper_id_112\">\r\n\t<div class=\"button_container button_container_id_112\">\t\r\n\t\t<a href=\"http:\/\/www.vanlifeconcept.be\/index.php\/reservation\/\" target=\"_self\" id=\"wd_button\" class=\"wd-hvr-simple wd_button_112\"  >RESERVER<\/a>\t\r\n\t\t<div class=\"clear_fix\"><\/div>\r\n\t<\/div>\r\n<\/div><\/p>\n<\/div>\n<\/div>\n<\/div>\n\n\n\n<div class=\"wp-block-column\" style=\"flex-basis:10%\"><\/div>\n<\/div>\n\n\n\n<div class=\"wp-block-columns has-background\" style=\"background-color:#907971\">\n<div class=\"wp-block-column\" style=\"flex-basis:15%\"><\/div>\n\n\n\n<div class=\"wp-block-column\" style=\"flex-basis:70%\">\n<div class=\"wp-block-columns\">\n<div class=\"wp-block-column\" style=\"flex-basis:33%\">\n<figure class=\"wp-block-image size-large is-resized\"><img loading=\"lazy\" src=\"http:\/\/www.vanlifeconcept.be\/wp-content\/uploads\/2021\/06\/VANLIFE-CONCEPT_FINAL-blanc.png\" alt=\"\" class=\"wp-image-166\" width=\"206\" height=\"171\" srcset=\"https:\/\/www.vanlifeconcept.be\/wp-content\/uploads\/2021\/06\/VANLIFE-CONCEPT_FINAL-blanc.png 661w, https:\/\/www.vanlifeconcept.be\/wp-content\/uploads\/2021\/06\/VANLIFE-CONCEPT_FINAL-blanc-300x249.png 300w\" sizes=\"(max-width: 206px) 100vw, 206px\" \/><\/figure>\n<\/div>\n\n\n\n<div class=\"wp-block-column\" style=\"flex-basis:33%\">\n<p class=\"has-white-color has-text-color\" style=\"font-size:25px\"><strong>A PROPOS DE NOUS<\/strong><\/p>\n\n\n\n<p class=\"has-white-color has-text-color\"><strong>Voyager, s&rsquo;\u00e9vader en toute libert\u00e9 avec VanLife-Concept <\/strong><\/p>\n<\/div>\n\n\n\n<div class=\"wp-block-column\" style=\"flex-basis:33%\">\n<p class=\"has-white-color has-text-color\" style=\"font-size:25px\"><strong>CONTACT<\/strong><\/p>\n\n\n\n<p class=\"has-white-color has-text-color\"><strong>+32497\/21.33.73<br><a href=\"mailto:info@vanlifeconcept.be\">info@vanlifeconcept.be<\/a><br>Grand-Moulin 240, 6890 Libin<\/strong><\/p>\n\n\n\n<a href=\"https:\/\/www.facebook.com\/Vanlife-concept-101721725455022\" target=\"_blank\" rel=\"noopener noreferrer\"><span style=\"font-size: 2em; color: #ffffff;\"<i class=\"fab fa-facebook\"><\/i><\/span><\/a>   <a href=\"https:\/\/www.instagram.com\/vanlife.concept\/\" target=\"_blank\" rel=\"noopener noreferrer\"><span style=\"font-size: 2em; color: #ffffff;\"<i class=\"fab fa-instagram-square\"><\/i><\/span><\/a>\n\n\n\n<p><\/p>\n<\/div>\n<\/div>\n<\/div>\n\n\n\n<div class=\"wp-block-column\" style=\"flex-basis:15%\"><\/div>\n<\/div>\n","protected":false},"excerpt":{"rendered":"<p>NOS TARIFS CONDITIONS DE RESERVATION : Lors de votre r\u00e9servation un acompte de 25% est \u00e0 payer pour conclure vos dates de locations. . Pour toute annulation, vous perdez votre acompte. Une caution de 1000\u20ac est demand\u00e9 lors de la prise de possession du v\u00e9hicule. Cette caution peut \u00eatre fournie en liquide, par virement bancaire. &hellip;<\/p>\n<p class=\"read-more\"> <a class=\"\" href=\"https:\/\/www.vanlifeconcept.be\/index.php\/tarifs\/\"> <span class=\"screen-reader-text\">Tarifs<\/span> Lire la suite\u00a0\u00bb<\/a><\/p>\n","protected":false},"author":1,"featured_media":0,"parent":0,"menu_order":0,"comment_status":"closed","ping_status":"closed","template":"","meta":{"ngg_post_thumbnail":0},"yoast_head":"<!-- This site is optimized with the Yoast SEO plugin v16.4 - https:\/\/yoast.com\/wordpress\/plugins\/seo\/ -->\n<title>Tarifs - Vanlife-Concept<\/title>\n<meta name=\"robots\" content=\"index, follow, max-snippet:-1, max-image-preview:large, max-video-preview:-1\" \/>\n<link rel=\"canonical\" href=\"https:\/\/www.vanlifeconcept.be\/index.php\/tarifs\/\" \/>\n<meta property=\"og:locale\" content=\"fr_FR\" \/>\n<meta property=\"og:type\" content=\"article\" \/>\n<meta property=\"og:title\" content=\"Tarifs - Vanlife-Concept\" \/>\n<meta property=\"og:description\" content=\"NOS TARIFS CONDITIONS DE RESERVATION : Lors de votre r\u00e9servation un acompte de 25% est \u00e0 payer pour conclure vos dates de locations. . Pour toute annulation, vous perdez votre acompte. Une caution de 1000\u20ac est demand\u00e9 lors de la prise de possession du v\u00e9hicule. Cette caution peut \u00eatre fournie en liquide, par virement bancaire. &hellip; Tarifs Lire la suite\u00a0\u00bb\" \/>\n<meta property=\"og:url\" content=\"https:\/\/www.vanlifeconcept.be\/index.php\/tarifs\/\" \/>\n<meta property=\"og:site_name\" content=\"Vanlife-Concept\" \/>\n<meta property=\"article:modified_time\" content=\"2024-01-15T09:57:33+00:00\" \/>\n<meta property=\"og:image\" content=\"http:\/\/www.vanlifeconcept.be\/wp-content\/uploads\/2021\/06\/VANLIFE-CONCEPT_FINAL-blanc.png\" \/>\n<meta name=\"twitter:card\" content=\"summary_large_image\" \/>\n<meta name=\"twitter:label1\" content=\"Dur\u00e9e de lecture est.\" \/>\n\t<meta name=\"twitter:data1\" content=\"2 minutes\" \/>\n<script type=\"application\/ld+json\" class=\"yoast-schema-graph\">{\"@context\":\"https:\/\/schema.org\",\"@graph\":[{\"@type\":\"Organization\",\"@id\":\"https:\/\/www.vanlifeconcept.be\/#organization\",\"name\":\"VanLife-Concept\",\"url\":\"https:\/\/www.vanlifeconcept.be\/\",\"sameAs\":[],\"logo\":{\"@type\":\"ImageObject\",\"@id\":\"https:\/\/www.vanlifeconcept.be\/#logo\",\"inLanguage\":\"fr-FR\",\"url\":\"http:\/\/www.vanlifeconcept.be\/wp-content\/uploads\/2021\/06\/ICON_SITE.jpg\",\"contentUrl\":\"http:\/\/www.vanlifeconcept.be\/wp-content\/uploads\/2021\/06\/ICON_SITE.jpg\",\"width\":512,\"height\":425,\"caption\":\"VanLife-Concept\"},\"image\":{\"@id\":\"https:\/\/www.vanlifeconcept.be\/#logo\"}},{\"@type\":\"WebSite\",\"@id\":\"https:\/\/www.vanlifeconcept.be\/#website\",\"url\":\"https:\/\/www.vanlifeconcept.be\/\",\"name\":\"Vanlife-Concept\",\"description\":\"VOYAGER, S\\u2019EVADER EN TOUTE LIBERTE AVEC VANLIFE-CONCEPT\",\"publisher\":{\"@id\":\"https:\/\/www.vanlifeconcept.be\/#organization\"},\"potentialAction\":[{\"@type\":\"SearchAction\",\"target\":\"https:\/\/www.vanlifeconcept.be\/?s={search_term_string}\",\"query-input\":\"required name=search_term_string\"}],\"inLanguage\":\"fr-FR\"},{\"@type\":\"ImageObject\",\"@id\":\"https:\/\/www.vanlifeconcept.be\/index.php\/tarifs\/#primaryimage\",\"inLanguage\":\"fr-FR\",\"url\":\"http:\/\/www.vanlifeconcept.be\/wp-content\/uploads\/2021\/06\/VANLIFE-CONCEPT_FINAL-blanc.png\",\"contentUrl\":\"http:\/\/www.vanlifeconcept.be\/wp-content\/uploads\/2021\/06\/VANLIFE-CONCEPT_FINAL-blanc.png\"},{\"@type\":\"WebPage\",\"@id\":\"https:\/\/www.vanlifeconcept.be\/index.php\/tarifs\/#webpage\",\"url\":\"https:\/\/www.vanlifeconcept.be\/index.php\/tarifs\/\",\"name\":\"Tarifs - Vanlife-Concept\",\"isPartOf\":{\"@id\":\"https:\/\/www.vanlifeconcept.be\/#website\"},\"primaryImageOfPage\":{\"@id\":\"https:\/\/www.vanlifeconcept.be\/index.php\/tarifs\/#primaryimage\"},\"datePublished\":\"2021-06-01T09:09:00+00:00\",\"dateModified\":\"2024-01-15T09:57:33+00:00\",\"breadcrumb\":{\"@id\":\"https:\/\/www.vanlifeconcept.be\/index.php\/tarifs\/#breadcrumb\"},\"inLanguage\":\"fr-FR\",\"potentialAction\":[{\"@type\":\"ReadAction\",\"target\":[\"https:\/\/www.vanlifeconcept.be\/index.php\/tarifs\/\"]}]},{\"@type\":\"BreadcrumbList\",\"@id\":\"https:\/\/www.vanlifeconcept.be\/index.php\/tarifs\/#breadcrumb\",\"itemListElement\":[{\"@type\":\"ListItem\",\"position\":1,\"item\":{\"@type\":\"WebPage\",\"@id\":\"https:\/\/www.vanlifeconcept.be\/\",\"url\":\"https:\/\/www.vanlifeconcept.be\/\",\"name\":\"Accueil\"}},{\"@type\":\"ListItem\",\"position\":2,\"item\":{\"@id\":\"https:\/\/www.vanlifeconcept.be\/index.php\/tarifs\/#webpage\"}}]}]}<\/script>\n<!-- \/ Yoast SEO plugin. -->","_links":{"self":[{"href":"https:\/\/www.vanlifeconcept.be\/index.php\/wp-json\/wp\/v2\/pages\/11"}],"collection":[{"href":"https:\/\/www.vanlifeconcept.be\/index.php\/wp-json\/wp\/v2\/pages"}],"about":[{"href":"https:\/\/www.vanlifeconcept.be\/index.php\/wp-json\/wp\/v2\/types\/page"}],"author":[{"embeddable":true,"href":"https:\/\/www.vanlifeconcept.be\/index.php\/wp-json\/wp\/v2\/users\/1"}],"replies":[{"embeddable":true,"href":"https:\/\/www.vanlifeconcept.be\/index.php\/wp-json\/wp\/v2\/comments?post=11"}],"version-history":[{"count":50,"href":"https:\/\/www.vanlifeconcept.be\/index.php\/wp-json\/wp\/v2\/pages\/11\/revisions"}],"predecessor-version":[{"id":528,"href":"https:\/\/www.vanlifeconcept.be\/index.php\/wp-json\/wp\/v2\/pages\/11\/revisions\/528"}],"wp:attachment":[{"href":"https:\/\/www.vanlifeconcept.be\/index.php\/wp-json\/wp\/v2\/media?parent=11"}],"curies":[{"name":"wp","href":"https:\/\/api.w.org\/{rel}","templated":true}]}}